{"id":4151,"date":"2025-12-04T10:12:48","date_gmt":"2025-12-04T09:12:48","guid":{"rendered":"https:\/\/spas-s.ch\/?post_type=tribe_events&#038;p=4151"},"modified":"2026-04-24T20:56:24","modified_gmt":"2026-04-24T18:56:24","slug":"formation-instructeur%c2%b7trice-de-nordic-walking-alfa-avec-la-reconnaissance-esa-partie-1-formation-generale","status":"publish","type":"tribe_events","link":"https:\/\/spas-s.ch\/fr\/event\/formation-instructeur%c2%b7trice-de-nordic-walking-alfa-avec-la-reconnaissance-esa-partie-1-formation-generale\/","title":{"rendered":"FORMATION <br\/> Instructeur\u00b7trice de Nordic Walking ALFA <br\/> avec la reconnaissance esa &#8211;  partie 1: formation g\u00e9n\u00e9rale"},"content":{"rendered":"<h2>Formation g\u00e9n\u00e9rale instructeur\u00b7trice de Nordic Walking ALFA<\/h2>\n<p>La formation g\u00e9n\u00e9rale de 3 jours en Nordic Walking ALFA est la premi\u00e8re partie de la formation d&rsquo;instructeur\u00b7trice avec la reconnaissance esa. Cette formation s&rsquo;adresse \u00e0 toutes les personnes qui souhaitent faire bouger, encourager et enseigner avec succ\u00e8s le Nordic Walking ALFA \u00e0 des adultes.<\/p>\n<p>&nbsp;<\/p>\n<h3>Contenu:<\/h3>\n<ul>\n<li>Concept de la formation esa<\/li>\n<li>Les adultes comme groupe cible<\/li>\n<li>La notion de dialogue dans la formation des adultes<\/li>\n<li>Comment enseigner? \u00ab\u00a0Transmettre\u00a0\u00bb, \u00ab\u00a0encourager\u00a0\u00bb, \u00ab\u00a0innover\u00a0\u00bb et \u00ab\u00a0entretenir l&rsquo;environnement\u00a0\u00bb ansi que le mod\u00e8le \u00ab\u00a06+1\u00a0\u00bb au centre de l&rsquo;attention<\/li>\n<li>Formes d&rsquo;d\u00e9courverte et d&rsquo;entra\u00eenment dans la marche nordique ALFA<\/li>\n<li>Dimensions du d\u00e9veloppement des diff\u00e9rents facteurs de la performance<\/li>\n<li>Principes d&rsquo;entra\u00eenement<\/li>\n<li>Marketing des offres sportives<\/li>\n<li>Concept d&rsquo;individualit\u00e9 et approche holistique<\/li>\n<\/ul>\n<p>&nbsp;<\/p>\n<h3>Cat\u00e9gorie:<\/h3>\n<p>Formation reconnue esa<\/p>\n<p>&nbsp;<\/p>\n<h3>Frais de cours:<\/h3>\n<p>CHF 810.- h\u00e9bergement et repas non compris<\/p>\n<p>&nbsp;<\/p>\n<h3>Lieu du cours:<\/h3>\n<p>Deutsche Kirchgasse 16<\/p>\n<p>3280 Morat<\/p>\n<p>&nbsp;<\/p>\n<h3>Conditions pr\u00e9alables:<\/h3>\n<p><strong>Premi\u00e8re exp\u00e9rience de Nordic Walking<\/strong><br \/>\nVous devez conna\u00eetre la technique ALFA et avoir une premi\u00e8re exp\u00e9rience de Nordic Walking &#8211; par exemple avoir suivi un cours de base de Nordic Walking. Si ce n&rsquo;est pas encore le cas, veuillez nous contacter. Nous nous ferons un plaisir de vous conseiller. Beaucoup de nos membres organisant r\u00e9guli\u00e8rement des cours g\u00e9n\u00e9raux, nous trouverons une bonne solution pour votre projet.<\/p>\n<p><strong>\u00catre en forme physiquement<\/strong><br \/>\nPour pouvoir suivre la formation dans son int\u00e9gralit\u00e9, vous devez \u00eatre en bonne sant\u00e9 physique. Vous n&rsquo;\u00eates pas s\u00fbr\u00b7e? N&rsquo;h\u00e9sitez pas \u00e0 nous contacter pour que nous puissions r\u00e9pondre rapidement \u00e0 vos pr\u00e9occupations.<\/p>\n<p>&nbsp;<\/p>\n<h3>Reconnaissance esa:<\/h3>\n<p>Pour obtenir la reconnaissance du label esa, il est obligatoire de suivre d&rsquo;abord la formation g\u00e9n\u00e9rale, puis la formation sp\u00e9cifique.<\/p>\n\n","protected":false},"excerpt":{"rendered":"<p>La formation g\u00e9n\u00e9rale de 3 jours en Nordic Walking est la premi\u00e8re partie de la formation d&rsquo;instructeur\u00b7trice avec la reconnaissance esa. Cette formation s&rsquo;adresse \u00e0 toutes les personnes qui souhaitent faire bouger, encourager et enseigner avec succ\u00e8s le Nordic Walking \u00e0 des adultes.<\/p>\n","protected":false},"author":3,"featured_media":2367,"template":"","meta":{"_tribe_events_status":"","_tribe_events_status_reason":"","footnotes":""},"tags":[],"tribe_events_cat":[],"class_list":["post-4151","tribe_events","type-tribe_events","status-publish","has-post-thumbnail","hentry"],"yoast_head":"<!-- This site is optimized with the Yoast SEO plugin v26.6 - https:\/\/yoast.com\/wordpress\/plugins\/seo\/ -->\n<title>FORMATION  Instructeur\u00b7trice de Nordic Walking ALFA  avec la reconnaissance esa - partie 1: formation g\u00e9n\u00e9rale | SPAS-S Sport und Pr\u00e4vention Ausbildung Schweiz<\/title>\n<meta name=\"description\" content=\"La formation g\u00e9n\u00e9rale de 3 jours en Nordic Walking est la premi\u00e8re partie de la formation d&#039;instructeur\u00b7trice avec la reconnaissance esa. Cette formation s&#039;adresse \u00e0 toutes les personnes qui souhaitent faire bouger, encourager et enseigner avec succ\u00e8s le Nordic Walking \u00e0 des adultes.\" \/>\n<meta name=\"robots\" content=\"index, follow, max-snippet:-1, max-image-preview:large, max-video-preview:-1\" \/>\n<link rel=\"canonical\" href=\"https:\/\/spas-s.ch\/fr\/event\/formation-instructeur%c2%b7trice-de-nordic-walking-alfa-avec-la-reconnaissance-esa-partie-1-formation-generale\/\" \/>\n<meta property=\"og:locale\" content=\"fr_FR\" \/>\n<meta property=\"og:type\" content=\"article\" \/>\n<meta property=\"og:title\" content=\"FORMATION  Instructeur\u00b7trice de Nordic Walking ALFA  avec la reconnaissance esa - partie 1: formation g\u00e9n\u00e9rale | SPAS-S Sport und Pr\u00e4vention Ausbildung Schweiz\" \/>\n<meta property=\"og:description\" content=\"La formation g\u00e9n\u00e9rale de 3 jours en Nordic Walking est la premi\u00e8re partie de la formation d&#039;instructeur\u00b7trice avec la reconnaissance esa. Cette formation s&#039;adresse \u00e0 toutes les personnes qui souhaitent faire bouger, encourager et enseigner avec succ\u00e8s le Nordic Walking \u00e0 des adultes.\" \/>\n<meta property=\"og:url\" content=\"https:\/\/spas-s.ch\/fr\/event\/formation-instructeur%c2%b7trice-de-nordic-walking-alfa-avec-la-reconnaissance-esa-partie-1-formation-generale\/\" \/>\n<meta property=\"og:site_name\" content=\"SPAS-S Sport und Pr\u00e4vention Ausbildung Schweiz\" \/>\n<meta property=\"article:modified_time\" content=\"2026-04-24T18:56:24+00:00\" \/>\n<meta property=\"og:image\" content=\"https:\/\/spas-s.ch\/wp-content\/uploads\/Ausbildung-12-1.jpg\" \/>\n\t<meta property=\"og:image:width\" content=\"600\" \/>\n\t<meta property=\"og:image:height\" content=\"400\" \/>\n\t<meta property=\"og:image:type\" content=\"image\/jpeg\" \/>\n<meta name=\"twitter:card\" content=\"summary_large_image\" \/>\n<meta name=\"twitter:label1\" content=\"Dur\u00e9e de lecture estim\u00e9e\" \/>\n\t<meta name=\"twitter:data1\" content=\"2 minutes\" \/>\n<script type=\"application\/ld+json\" class=\"yoast-schema-graph\">{\"@context\":\"https:\/\/schema.org\",\"@graph\":[{\"@type\":\"WebPage\",\"@id\":\"https:\/\/spas-s.ch\/fr\/event\/formation-instructeur%c2%b7trice-de-nordic-walking-alfa-avec-la-reconnaissance-esa-partie-1-formation-generale\/\",\"url\":\"https:\/\/spas-s.ch\/fr\/event\/formation-instructeur%c2%b7trice-de-nordic-walking-alfa-avec-la-reconnaissance-esa-partie-1-formation-generale\/\",\"name\":\"FORMATION Instructeur\u00b7trice de Nordic Walking ALFA avec la reconnaissance esa - partie 1: formation g\u00e9n\u00e9rale | SPAS-S Sport und Pr\u00e4vention Ausbildung Schweiz\",\"isPartOf\":{\"@id\":\"https:\/\/spas-s.ch\/fr\/#website\"},\"primaryImageOfPage\":{\"@id\":\"https:\/\/spas-s.ch\/fr\/event\/formation-instructeur%c2%b7trice-de-nordic-walking-alfa-avec-la-reconnaissance-esa-partie-1-formation-generale\/#primaryimage\"},\"image\":{\"@id\":\"https:\/\/spas-s.ch\/fr\/event\/formation-instructeur%c2%b7trice-de-nordic-walking-alfa-avec-la-reconnaissance-esa-partie-1-formation-generale\/#primaryimage\"},\"thumbnailUrl\":\"https:\/\/spas-s.ch\/wp-content\/uploads\/Ausbildung-12-1.jpg\",\"datePublished\":\"2025-12-04T09:12:48+00:00\",\"dateModified\":\"2026-04-24T18:56:24+00:00\",\"description\":\"La formation g\u00e9n\u00e9rale de 3 jours en Nordic Walking est la premi\u00e8re partie de la formation d'instructeur\u00b7trice avec la reconnaissance esa. Cette formation s'adresse \u00e0 toutes les personnes qui souhaitent faire bouger, encourager et enseigner avec succ\u00e8s le Nordic Walking \u00e0 des adultes.\",\"breadcrumb\":{\"@id\":\"https:\/\/spas-s.ch\/fr\/event\/formation-instructeur%c2%b7trice-de-nordic-walking-alfa-avec-la-reconnaissance-esa-partie-1-formation-generale\/#breadcrumb\"},\"inLanguage\":\"fr-FR\",\"potentialAction\":[{\"@type\":\"ReadAction\",\"target\":[\"https:\/\/spas-s.ch\/fr\/event\/formation-instructeur%c2%b7trice-de-nordic-walking-alfa-avec-la-reconnaissance-esa-partie-1-formation-generale\/\"]}]},{\"@type\":\"ImageObject\",\"inLanguage\":\"fr-FR\",\"@id\":\"https:\/\/spas-s.ch\/fr\/event\/formation-instructeur%c2%b7trice-de-nordic-walking-alfa-avec-la-reconnaissance-esa-partie-1-formation-generale\/#primaryimage\",\"url\":\"https:\/\/spas-s.ch\/wp-content\/uploads\/Ausbildung-12-1.jpg\",\"contentUrl\":\"https:\/\/spas-s.ch\/wp-content\/uploads\/Ausbildung-12-1.jpg\",\"width\":600,\"height\":400,\"caption\":\"Formation Nordic Walking SPAS-S\"},{\"@type\":\"BreadcrumbList\",\"@id\":\"https:\/\/spas-s.ch\/fr\/event\/formation-instructeur%c2%b7trice-de-nordic-walking-alfa-avec-la-reconnaissance-esa-partie-1-formation-generale\/#breadcrumb\",\"itemListElement\":[{\"@type\":\"ListItem\",\"position\":1,\"name\":\"Startseite\",\"item\":\"https:\/\/spas-s.ch\/fr\/\"},{\"@type\":\"ListItem\",\"position\":2,\"name\":\"\u00c9v\u00e8nements\",\"item\":\"https:\/\/spas-s.ch\/fr\/events\/\"},{\"@type\":\"ListItem\",\"position\":3,\"name\":\"FORMATION Instructeur\u00b7trice de Nordic Walking ALFA avec la reconnaissance esa &#8211; partie 1: formation g\u00e9n\u00e9rale\"}]},{\"@type\":\"WebSite\",\"@id\":\"https:\/\/spas-s.ch\/fr\/#website\",\"url\":\"https:\/\/spas-s.ch\/fr\/\",\"name\":\"SPAS-S Sport und Pr\u00e4vention Ausbildung Schweiz\",\"description\":\"Weil Bewegung Leben ist\",\"publisher\":{\"@id\":\"https:\/\/spas-s.ch\/fr\/#organization\"},\"potentialAction\":[{\"@type\":\"SearchAction\",\"target\":{\"@type\":\"EntryPoint\",\"urlTemplate\":\"https:\/\/spas-s.ch\/fr\/?s={search_term_string}\"},\"query-input\":{\"@type\":\"PropertyValueSpecification\",\"valueRequired\":true,\"valueName\":\"search_term_string\"}}],\"inLanguage\":\"fr-FR\"},{\"@type\":\"Organization\",\"@id\":\"https:\/\/spas-s.ch\/fr\/#organization\",\"name\":\"SPAS-S Sport und Pr\u00e4vention Ausbildung Schweiz\",\"alternateName\":\"SPAS-S\",\"url\":\"https:\/\/spas-s.ch\/fr\/\",\"logo\":{\"@type\":\"ImageObject\",\"inLanguage\":\"fr-FR\",\"@id\":\"https:\/\/spas-s.ch\/fr\/#\/schema\/logo\/image\/\",\"url\":\"https:\/\/spas-s.ch\/wp-content\/uploads\/SPAS-s_Logo_DE.png\",\"contentUrl\":\"https:\/\/spas-s.ch\/wp-content\/uploads\/SPAS-s_Logo_DE.png\",\"width\":144,\"height\":204,\"caption\":\"SPAS-S Sport und Pr\u00e4vention Ausbildung Schweiz\"},\"image\":{\"@id\":\"https:\/\/spas-s.ch\/fr\/#\/schema\/logo\/image\/\"}}]}<\/script>\n<!-- \/ Yoast SEO plugin. -->","yoast_head_json":{"title":"FORMATION  Instructeur\u00b7trice de Nordic Walking ALFA  avec la reconnaissance esa - partie 1: formation g\u00e9n\u00e9rale | SPAS-S Sport und Pr\u00e4vention Ausbildung Schweiz","description":"La formation g\u00e9n\u00e9rale de 3 jours en Nordic Walking est la premi\u00e8re partie de la formation d'instructeur\u00b7trice avec la reconnaissance esa. Cette formation s'adresse \u00e0 toutes les personnes qui souhaitent faire bouger, encourager et enseigner avec succ\u00e8s le Nordic Walking \u00e0 des adultes.","robots":{"index":"index","follow":"follow","max-snippet":"max-snippet:-1","max-image-preview":"max-image-preview:large","max-video-preview":"max-video-preview:-1"},"canonical":"https:\/\/spas-s.ch\/fr\/event\/formation-instructeur%c2%b7trice-de-nordic-walking-alfa-avec-la-reconnaissance-esa-partie-1-formation-generale\/","og_locale":"fr_FR","og_type":"article","og_title":"FORMATION  Instructeur\u00b7trice de Nordic Walking ALFA  avec la reconnaissance esa - partie 1: formation g\u00e9n\u00e9rale | SPAS-S Sport und Pr\u00e4vention Ausbildung Schweiz","og_description":"La formation g\u00e9n\u00e9rale de 3 jours en Nordic Walking est la premi\u00e8re partie de la formation d'instructeur\u00b7trice avec la reconnaissance esa. Cette formation s'adresse \u00e0 toutes les personnes qui souhaitent faire bouger, encourager et enseigner avec succ\u00e8s le Nordic Walking \u00e0 des adultes.","og_url":"https:\/\/spas-s.ch\/fr\/event\/formation-instructeur%c2%b7trice-de-nordic-walking-alfa-avec-la-reconnaissance-esa-partie-1-formation-generale\/","og_site_name":"SPAS-S Sport und Pr\u00e4vention Ausbildung Schweiz","article_modified_time":"2026-04-24T18:56:24+00:00","og_image":[{"width":600,"height":400,"url":"https:\/\/spas-s.ch\/wp-content\/uploads\/Ausbildung-12-1.jpg","type":"image\/jpeg"}],"twitter_card":"summary_large_image","twitter_misc":{"Dur\u00e9e de lecture estim\u00e9e":"2 minutes"},"schema":{"@context":"https:\/\/schema.org","@graph":[{"@type":"WebPage","@id":"https:\/\/spas-s.ch\/fr\/event\/formation-instructeur%c2%b7trice-de-nordic-walking-alfa-avec-la-reconnaissance-esa-partie-1-formation-generale\/","url":"https:\/\/spas-s.ch\/fr\/event\/formation-instructeur%c2%b7trice-de-nordic-walking-alfa-avec-la-reconnaissance-esa-partie-1-formation-generale\/","name":"FORMATION Instructeur\u00b7trice de Nordic Walking ALFA avec la reconnaissance esa - partie 1: formation g\u00e9n\u00e9rale | SPAS-S Sport und Pr\u00e4vention Ausbildung Schweiz","isPartOf":{"@id":"https:\/\/spas-s.ch\/fr\/#website"},"primaryImageOfPage":{"@id":"https:\/\/spas-s.ch\/fr\/event\/formation-instructeur%c2%b7trice-de-nordic-walking-alfa-avec-la-reconnaissance-esa-partie-1-formation-generale\/#primaryimage"},"image":{"@id":"https:\/\/spas-s.ch\/fr\/event\/formation-instructeur%c2%b7trice-de-nordic-walking-alfa-avec-la-reconnaissance-esa-partie-1-formation-generale\/#primaryimage"},"thumbnailUrl":"https:\/\/spas-s.ch\/wp-content\/uploads\/Ausbildung-12-1.jpg","datePublished":"2025-12-04T09:12:48+00:00","dateModified":"2026-04-24T18:56:24+00:00","description":"La formation g\u00e9n\u00e9rale de 3 jours en Nordic Walking est la premi\u00e8re partie de la formation d'instructeur\u00b7trice avec la reconnaissance esa. Cette formation s'adresse \u00e0 toutes les personnes qui souhaitent faire bouger, encourager et enseigner avec succ\u00e8s le Nordic Walking \u00e0 des adultes.","breadcrumb":{"@id":"https:\/\/spas-s.ch\/fr\/event\/formation-instructeur%c2%b7trice-de-nordic-walking-alfa-avec-la-reconnaissance-esa-partie-1-formation-generale\/#breadcrumb"},"inLanguage":"fr-FR","potentialAction":[{"@type":"ReadAction","target":["https:\/\/spas-s.ch\/fr\/event\/formation-instructeur%c2%b7trice-de-nordic-walking-alfa-avec-la-reconnaissance-esa-partie-1-formation-generale\/"]}]},{"@type":"ImageObject","inLanguage":"fr-FR","@id":"https:\/\/spas-s.ch\/fr\/event\/formation-instructeur%c2%b7trice-de-nordic-walking-alfa-avec-la-reconnaissance-esa-partie-1-formation-generale\/#primaryimage","url":"https:\/\/spas-s.ch\/wp-content\/uploads\/Ausbildung-12-1.jpg","contentUrl":"https:\/\/spas-s.ch\/wp-content\/uploads\/Ausbildung-12-1.jpg","width":600,"height":400,"caption":"Formation Nordic Walking SPAS-S"},{"@type":"BreadcrumbList","@id":"https:\/\/spas-s.ch\/fr\/event\/formation-instructeur%c2%b7trice-de-nordic-walking-alfa-avec-la-reconnaissance-esa-partie-1-formation-generale\/#breadcrumb","itemListElement":[{"@type":"ListItem","position":1,"name":"Startseite","item":"https:\/\/spas-s.ch\/fr\/"},{"@type":"ListItem","position":2,"name":"\u00c9v\u00e8nements","item":"https:\/\/spas-s.ch\/fr\/events\/"},{"@type":"ListItem","position":3,"name":"FORMATION Instructeur\u00b7trice de Nordic Walking ALFA avec la reconnaissance esa &#8211; partie 1: formation g\u00e9n\u00e9rale"}]},{"@type":"WebSite","@id":"https:\/\/spas-s.ch\/fr\/#website","url":"https:\/\/spas-s.ch\/fr\/","name":"SPAS-S Sport und Pr\u00e4vention Ausbildung Schweiz","description":"Weil Bewegung Leben ist","publisher":{"@id":"https:\/\/spas-s.ch\/fr\/#organization"},"potentialAction":[{"@type":"SearchAction","target":{"@type":"EntryPoint","urlTemplate":"https:\/\/spas-s.ch\/fr\/?s={search_term_string}"},"query-input":{"@type":"PropertyValueSpecification","valueRequired":true,"valueName":"search_term_string"}}],"inLanguage":"fr-FR"},{"@type":"Organization","@id":"https:\/\/spas-s.ch\/fr\/#organization","name":"SPAS-S Sport und Pr\u00e4vention Ausbildung Schweiz","alternateName":"SPAS-S","url":"https:\/\/spas-s.ch\/fr\/","logo":{"@type":"ImageObject","inLanguage":"fr-FR","@id":"https:\/\/spas-s.ch\/fr\/#\/schema\/logo\/image\/","url":"https:\/\/spas-s.ch\/wp-content\/uploads\/SPAS-s_Logo_DE.png","contentUrl":"https:\/\/spas-s.ch\/wp-content\/uploads\/SPAS-s_Logo_DE.png","width":144,"height":204,"caption":"SPAS-S Sport und Pr\u00e4vention Ausbildung Schweiz"},"image":{"@id":"https:\/\/spas-s.ch\/fr\/#\/schema\/logo\/image\/"}}]}},"_links":{"self":[{"href":"https:\/\/spas-s.ch\/fr\/wp-json\/wp\/v2\/tribe_events\/4151","targetHints":{"allow":["GET"]}}],"collection":[{"href":"https:\/\/spas-s.ch\/fr\/wp-json\/wp\/v2\/tribe_events"}],"about":[{"href":"https:\/\/spas-s.ch\/fr\/wp-json\/wp\/v2\/types\/tribe_events"}],"author":[{"embeddable":true,"href":"https:\/\/spas-s.ch\/fr\/wp-json\/wp\/v2\/users\/3"}],"version-history":[{"count":4,"href":"https:\/\/spas-s.ch\/fr\/wp-json\/wp\/v2\/tribe_events\/4151\/revisions"}],"predecessor-version":[{"id":4281,"href":"https:\/\/spas-s.ch\/fr\/wp-json\/wp\/v2\/tribe_events\/4151\/revisions\/4281"}],"wp:featuredmedia":[{"embeddable":true,"href":"https:\/\/spas-s.ch\/fr\/wp-json\/wp\/v2\/media\/2367"}],"wp:attachment":[{"href":"https:\/\/spas-s.ch\/fr\/wp-json\/wp\/v2\/media?parent=4151"}],"wp:term":[{"taxonomy":"post_tag","embeddable":true,"href":"https:\/\/spas-s.ch\/fr\/wp-json\/wp\/v2\/tags?post=4151"},{"taxonomy":"tribe_events_cat","embeddable":true,"href":"https:\/\/spas-s.ch\/fr\/wp-json\/wp\/v2\/tribe_events_cat?post=4151"}],"curies":[{"name":"wp","href":"https:\/\/api.w.org\/{rel}","templated":true}]}}