{"id":4155,"date":"2025-12-04T09:56:27","date_gmt":"2025-12-04T08:56:27","guid":{"rendered":"https:\/\/spas-s.ch\/?post_type=tribe_events&#038;p=4155"},"modified":"2025-12-04T09:56:27","modified_gmt":"2025-12-04T08:56:27","slug":"formation-instructeur%c2%b7trice-de-nordic-walking-alfa-avec-la-reconnaissance-esa-partie-2-formation-specifique","status":"publish","type":"tribe_events","link":"https:\/\/spas-s.ch\/fr\/event\/formation-instructeur%c2%b7trice-de-nordic-walking-alfa-avec-la-reconnaissance-esa-partie-2-formation-specifique\/","title":{"rendered":"FORMATION <br\/> Instructeur\u00b7trice de Nordic Walking ALFA <br\/> avec la reconnaissance esa &#8211; partie 2 : formation sp\u00e9cifique"},"content":{"rendered":"<h2>Formation sp\u00e9cifique instructeur\u00b7trice de Nordic Walking ALFA<\/h2>\n<p>&nbsp;<\/p>\n<p>La formation sp\u00e9cifique Nordic Walking ALFA de 3 jours constitue la deuxi\u00e8ne partie de la formation qui int\u00e8gre le label esa. Les contenus de la formation constituent une base solide pour votre d\u00e9veloppement en tant qu&rsquo;entra\u00eeneur et font de vous un interlocuteur comp\u00e9tent dans le domaine de la marche nordique ALFA.<\/p>\n<p>&nbsp;<\/p>\n<h3>Contenu:<\/h3>\n<ul>\n<li>Technique ALFA de Nordic Walking<\/li>\n<li>M\u00e9thode des 7 Steps avec 14 exercices<\/li>\n<li>Analyse des mouvements<\/li>\n<li>Bases de la motricit\u00e9 sportive<\/li>\n<li>M\u00e9thodologie<\/li>\n<li>Andragogie<\/li>\n<li>Individualit\u00e9 et d&rsquo;approche globale<\/li>\n<li>Bo\u00eete \u00e0 id\u00e9es instructions, exercices et jeux<\/li>\n<\/ul>\n<p>&nbsp;<\/p>\n<h3>Cat\u00e9gorie:<\/h3>\n<p>Formation reconnue esa<\/p>\n<p>&nbsp;<\/p>\n<h3>Frais de cours:<\/h3>\n<p>CHF 810.- h\u00e9bergement et repas non compris<\/p>\n<p>&nbsp;<\/p>\n<h3>Lieu du cours:<\/h3>\n<p>Morat<\/p>\n<p>&nbsp;<\/p>\n<h3>Conditions pr\u00e9alables:<\/h3>\n<p><strong>Premi\u00e8re exp\u00e9rience de Nordic Walking\u00a0<\/strong><br \/>\nVous devez conna\u00eetre la technique ALFA et avoir une premi\u00e8re exp\u00e9rience de Nordic Walking &#8211; par exemple avoir suivi un cours de base de Nordic Walking. Si ce n&rsquo;est pas encore le cas, veuillez nous contacter. Nous nous ferons un plaisir de vous conseiller.\u00a0 Beaucoup de nos membres organisant r\u00e9guli\u00e8rement des cours g\u00e9n\u00e9rales, nous trouver ons une bonne solution pour votre projet.<\/p>\n<p><strong>\u00catre en forme physiquement<\/strong><br \/>\nPour pouvoir suivre la formation dans son int\u00e9gralit\u00e9, vous devez \u00eatre en bonne sant\u00e9 physique. Vous n&rsquo;\u00eates pas s\u00fbr\u00b7e? N&rsquo;h\u00e9sitez pas \u00e0 nous contacter pour que nous puissions r\u00e9pondre rapidement \u00e0 vos pr\u00e9occupations.<\/p>\n<p>&nbsp;<\/p>\n<h3>Reconnaissance esa:<\/h3>\n<p>La reconnaissance esa peut \u00eatre obtenue gr\u00e2ce \u00e0 cette formation sp\u00e9cialis\u00e9e si une formation de base de trois jours ou si une formation de base\/sp\u00e9cialis\u00e9e dans un autre sport a d\u00e9j\u00e0 \u00e9t\u00e9 suivie.<\/p>\n\n","protected":false},"excerpt":{"rendered":"<p>Les contenus de la formation constituent une base solide pour votre d\u00e9veloppement en tant qu&rsquo;entra\u00eeneur et font de vous un interlocuteur comp\u00e9tent dans le domaine de la marche nordique ALF.<\/p>\n","protected":false},"author":3,"featured_media":2353,"template":"","meta":{"_tribe_events_status":"","_tribe_events_status_reason":"","footnotes":""},"tags":[],"tribe_events_cat":[],"class_list":["post-4155","tribe_events","type-tribe_events","status-publish","has-post-thumbnail","hentry"],"yoast_head":"<!-- This site is optimized with the Yoast SEO plugin v26.6 - https:\/\/yoast.com\/wordpress\/plugins\/seo\/ -->\n<title>FORMATION  Instructeur\u00b7trice de Nordic Walking ALFA  avec la reconnaissance esa - partie 2 : formation sp\u00e9cifique | SPAS-S Sport und Pr\u00e4vention Ausbildung Schweiz<\/title>\n<meta name=\"description\" content=\"Formation sp\u00e9cifique de 3 jours et s&#039;adresse aux personnes qui ont d\u00e9j\u00e0 suivi un cours de base dans cette discipline sportive et qui ont une exp\u00e9rience pratique du Nordic Walking.\" \/>\n<meta name=\"robots\" content=\"index, follow, max-snippet:-1, max-image-preview:large, max-video-preview:-1\" \/>\n<link rel=\"canonical\" href=\"https:\/\/spas-s.ch\/fr\/event\/formation-instructeur%c2%b7trice-de-nordic-walking-alfa-avec-la-reconnaissance-esa-partie-2-formation-specifique\/\" \/>\n<meta property=\"og:locale\" content=\"fr_FR\" \/>\n<meta property=\"og:type\" content=\"article\" \/>\n<meta property=\"og:title\" content=\"FORMATION  Instructeur\u00b7trice de Nordic Walking ALFA  avec la reconnaissance esa - partie 2 : formation sp\u00e9cifique | SPAS-S Sport und Pr\u00e4vention Ausbildung Schweiz\" \/>\n<meta property=\"og:description\" content=\"Formation sp\u00e9cifique de 3 jours et s&#039;adresse aux personnes qui ont d\u00e9j\u00e0 suivi un cours de base dans cette discipline sportive et qui ont une exp\u00e9rience pratique du Nordic Walking.\" \/>\n<meta property=\"og:url\" content=\"https:\/\/spas-s.ch\/fr\/event\/formation-instructeur%c2%b7trice-de-nordic-walking-alfa-avec-la-reconnaissance-esa-partie-2-formation-specifique\/\" \/>\n<meta property=\"og:site_name\" content=\"SPAS-S Sport und Pr\u00e4vention Ausbildung Schweiz\" \/>\n<meta property=\"og:image\" content=\"https:\/\/spas-s.ch\/wp-content\/uploads\/Header_-Nordic-Walking-2.jpg\" \/>\n\t<meta property=\"og:image:width\" content=\"2000\" \/>\n\t<meta property=\"og:image:height\" content=\"800\" \/>\n\t<meta property=\"og:image:type\" content=\"image\/jpeg\" \/>\n<meta name=\"twitter:card\" content=\"summary_large_image\" \/>\n<meta name=\"twitter:label1\" content=\"Dur\u00e9e de lecture estim\u00e9e\" \/>\n\t<meta name=\"twitter:data1\" content=\"2 minutes\" \/>\n<script type=\"application\/ld+json\" class=\"yoast-schema-graph\">{\"@context\":\"https:\/\/schema.org\",\"@graph\":[{\"@type\":\"WebPage\",\"@id\":\"https:\/\/spas-s.ch\/fr\/event\/formation-instructeur%c2%b7trice-de-nordic-walking-alfa-avec-la-reconnaissance-esa-partie-2-formation-specifique\/\",\"url\":\"https:\/\/spas-s.ch\/fr\/event\/formation-instructeur%c2%b7trice-de-nordic-walking-alfa-avec-la-reconnaissance-esa-partie-2-formation-specifique\/\",\"name\":\"FORMATION Instructeur\u00b7trice de Nordic Walking ALFA avec la reconnaissance esa - partie 2 : formation sp\u00e9cifique | SPAS-S Sport und Pr\u00e4vention Ausbildung Schweiz\",\"isPartOf\":{\"@id\":\"https:\/\/spas-s.ch\/fr\/#website\"},\"primaryImageOfPage\":{\"@id\":\"https:\/\/spas-s.ch\/fr\/event\/formation-instructeur%c2%b7trice-de-nordic-walking-alfa-avec-la-reconnaissance-esa-partie-2-formation-specifique\/#primaryimage\"},\"image\":{\"@id\":\"https:\/\/spas-s.ch\/fr\/event\/formation-instructeur%c2%b7trice-de-nordic-walking-alfa-avec-la-reconnaissance-esa-partie-2-formation-specifique\/#primaryimage\"},\"thumbnailUrl\":\"https:\/\/spas-s.ch\/wp-content\/uploads\/Header_-Nordic-Walking-2.jpg\",\"datePublished\":\"2025-12-04T08:56:27+00:00\",\"description\":\"Formation sp\u00e9cifique de 3 jours et s'adresse aux personnes qui ont d\u00e9j\u00e0 suivi un cours de base dans cette discipline sportive et qui ont une exp\u00e9rience pratique du Nordic Walking.\",\"breadcrumb\":{\"@id\":\"https:\/\/spas-s.ch\/fr\/event\/formation-instructeur%c2%b7trice-de-nordic-walking-alfa-avec-la-reconnaissance-esa-partie-2-formation-specifique\/#breadcrumb\"},\"inLanguage\":\"fr-FR\",\"potentialAction\":[{\"@type\":\"ReadAction\",\"target\":[\"https:\/\/spas-s.ch\/fr\/event\/formation-instructeur%c2%b7trice-de-nordic-walking-alfa-avec-la-reconnaissance-esa-partie-2-formation-specifique\/\"]}]},{\"@type\":\"ImageObject\",\"inLanguage\":\"fr-FR\",\"@id\":\"https:\/\/spas-s.ch\/fr\/event\/formation-instructeur%c2%b7trice-de-nordic-walking-alfa-avec-la-reconnaissance-esa-partie-2-formation-specifique\/#primaryimage\",\"url\":\"https:\/\/spas-s.ch\/wp-content\/uploads\/Header_-Nordic-Walking-2.jpg\",\"contentUrl\":\"https:\/\/spas-s.ch\/wp-content\/uploads\/Header_-Nordic-Walking-2.jpg\",\"width\":2000,\"height\":800,\"caption\":\"Formation Nordic Walking SPAS-S\"},{\"@type\":\"BreadcrumbList\",\"@id\":\"https:\/\/spas-s.ch\/fr\/event\/formation-instructeur%c2%b7trice-de-nordic-walking-alfa-avec-la-reconnaissance-esa-partie-2-formation-specifique\/#breadcrumb\",\"itemListElement\":[{\"@type\":\"ListItem\",\"position\":1,\"name\":\"Startseite\",\"item\":\"https:\/\/spas-s.ch\/fr\/\"},{\"@type\":\"ListItem\",\"position\":2,\"name\":\"\u00c9v\u00e8nements\",\"item\":\"https:\/\/spas-s.ch\/fr\/events\/\"},{\"@type\":\"ListItem\",\"position\":3,\"name\":\"FORMATION Instructeur\u00b7trice de Nordic Walking ALFA avec la reconnaissance esa &#8211; partie 2 : formation sp\u00e9cifique\"}]},{\"@type\":\"WebSite\",\"@id\":\"https:\/\/spas-s.ch\/fr\/#website\",\"url\":\"https:\/\/spas-s.ch\/fr\/\",\"name\":\"SPAS-S Sport und Pr\u00e4vention Ausbildung Schweiz\",\"description\":\"Weil Bewegung Leben ist\",\"publisher\":{\"@id\":\"https:\/\/spas-s.ch\/fr\/#organization\"},\"potentialAction\":[{\"@type\":\"SearchAction\",\"target\":{\"@type\":\"EntryPoint\",\"urlTemplate\":\"https:\/\/spas-s.ch\/fr\/?s={search_term_string}\"},\"query-input\":{\"@type\":\"PropertyValueSpecification\",\"valueRequired\":true,\"valueName\":\"search_term_string\"}}],\"inLanguage\":\"fr-FR\"},{\"@type\":\"Organization\",\"@id\":\"https:\/\/spas-s.ch\/fr\/#organization\",\"name\":\"SPAS-S Sport und Pr\u00e4vention Ausbildung Schweiz\",\"alternateName\":\"SPAS-S\",\"url\":\"https:\/\/spas-s.ch\/fr\/\",\"logo\":{\"@type\":\"ImageObject\",\"inLanguage\":\"fr-FR\",\"@id\":\"https:\/\/spas-s.ch\/fr\/#\/schema\/logo\/image\/\",\"url\":\"https:\/\/spas-s.ch\/wp-content\/uploads\/SPAS-s_Logo_DE.png\",\"contentUrl\":\"https:\/\/spas-s.ch\/wp-content\/uploads\/SPAS-s_Logo_DE.png\",\"width\":144,\"height\":204,\"caption\":\"SPAS-S Sport und Pr\u00e4vention Ausbildung Schweiz\"},\"image\":{\"@id\":\"https:\/\/spas-s.ch\/fr\/#\/schema\/logo\/image\/\"}}]}<\/script>\n<!-- \/ Yoast SEO plugin. -->","yoast_head_json":{"title":"FORMATION  Instructeur\u00b7trice de Nordic Walking ALFA  avec la reconnaissance esa - partie 2 : formation sp\u00e9cifique | SPAS-S Sport und Pr\u00e4vention Ausbildung Schweiz","description":"Formation sp\u00e9cifique de 3 jours et s'adresse aux personnes qui ont d\u00e9j\u00e0 suivi un cours de base dans cette discipline sportive et qui ont une exp\u00e9rience pratique du Nordic Walking.","robots":{"index":"index","follow":"follow","max-snippet":"max-snippet:-1","max-image-preview":"max-image-preview:large","max-video-preview":"max-video-preview:-1"},"canonical":"https:\/\/spas-s.ch\/fr\/event\/formation-instructeur%c2%b7trice-de-nordic-walking-alfa-avec-la-reconnaissance-esa-partie-2-formation-specifique\/","og_locale":"fr_FR","og_type":"article","og_title":"FORMATION  Instructeur\u00b7trice de Nordic Walking ALFA  avec la reconnaissance esa - partie 2 : formation sp\u00e9cifique | SPAS-S Sport und Pr\u00e4vention Ausbildung Schweiz","og_description":"Formation sp\u00e9cifique de 3 jours et s'adresse aux personnes qui ont d\u00e9j\u00e0 suivi un cours de base dans cette discipline sportive et qui ont une exp\u00e9rience pratique du Nordic Walking.","og_url":"https:\/\/spas-s.ch\/fr\/event\/formation-instructeur%c2%b7trice-de-nordic-walking-alfa-avec-la-reconnaissance-esa-partie-2-formation-specifique\/","og_site_name":"SPAS-S Sport und Pr\u00e4vention Ausbildung Schweiz","og_image":[{"width":2000,"height":800,"url":"https:\/\/spas-s.ch\/wp-content\/uploads\/Header_-Nordic-Walking-2.jpg","type":"image\/jpeg"}],"twitter_card":"summary_large_image","twitter_misc":{"Dur\u00e9e de lecture estim\u00e9e":"2 minutes"},"schema":{"@context":"https:\/\/schema.org","@graph":[{"@type":"WebPage","@id":"https:\/\/spas-s.ch\/fr\/event\/formation-instructeur%c2%b7trice-de-nordic-walking-alfa-avec-la-reconnaissance-esa-partie-2-formation-specifique\/","url":"https:\/\/spas-s.ch\/fr\/event\/formation-instructeur%c2%b7trice-de-nordic-walking-alfa-avec-la-reconnaissance-esa-partie-2-formation-specifique\/","name":"FORMATION Instructeur\u00b7trice de Nordic Walking ALFA avec la reconnaissance esa - partie 2 : formation sp\u00e9cifique | SPAS-S Sport und Pr\u00e4vention Ausbildung Schweiz","isPartOf":{"@id":"https:\/\/spas-s.ch\/fr\/#website"},"primaryImageOfPage":{"@id":"https:\/\/spas-s.ch\/fr\/event\/formation-instructeur%c2%b7trice-de-nordic-walking-alfa-avec-la-reconnaissance-esa-partie-2-formation-specifique\/#primaryimage"},"image":{"@id":"https:\/\/spas-s.ch\/fr\/event\/formation-instructeur%c2%b7trice-de-nordic-walking-alfa-avec-la-reconnaissance-esa-partie-2-formation-specifique\/#primaryimage"},"thumbnailUrl":"https:\/\/spas-s.ch\/wp-content\/uploads\/Header_-Nordic-Walking-2.jpg","datePublished":"2025-12-04T08:56:27+00:00","description":"Formation sp\u00e9cifique de 3 jours et s'adresse aux personnes qui ont d\u00e9j\u00e0 suivi un cours de base dans cette discipline sportive et qui ont une exp\u00e9rience pratique du Nordic Walking.","breadcrumb":{"@id":"https:\/\/spas-s.ch\/fr\/event\/formation-instructeur%c2%b7trice-de-nordic-walking-alfa-avec-la-reconnaissance-esa-partie-2-formation-specifique\/#breadcrumb"},"inLanguage":"fr-FR","potentialAction":[{"@type":"ReadAction","target":["https:\/\/spas-s.ch\/fr\/event\/formation-instructeur%c2%b7trice-de-nordic-walking-alfa-avec-la-reconnaissance-esa-partie-2-formation-specifique\/"]}]},{"@type":"ImageObject","inLanguage":"fr-FR","@id":"https:\/\/spas-s.ch\/fr\/event\/formation-instructeur%c2%b7trice-de-nordic-walking-alfa-avec-la-reconnaissance-esa-partie-2-formation-specifique\/#primaryimage","url":"https:\/\/spas-s.ch\/wp-content\/uploads\/Header_-Nordic-Walking-2.jpg","contentUrl":"https:\/\/spas-s.ch\/wp-content\/uploads\/Header_-Nordic-Walking-2.jpg","width":2000,"height":800,"caption":"Formation Nordic Walking SPAS-S"},{"@type":"BreadcrumbList","@id":"https:\/\/spas-s.ch\/fr\/event\/formation-instructeur%c2%b7trice-de-nordic-walking-alfa-avec-la-reconnaissance-esa-partie-2-formation-specifique\/#breadcrumb","itemListElement":[{"@type":"ListItem","position":1,"name":"Startseite","item":"https:\/\/spas-s.ch\/fr\/"},{"@type":"ListItem","position":2,"name":"\u00c9v\u00e8nements","item":"https:\/\/spas-s.ch\/fr\/events\/"},{"@type":"ListItem","position":3,"name":"FORMATION Instructeur\u00b7trice de Nordic Walking ALFA avec la reconnaissance esa &#8211; partie 2 : formation sp\u00e9cifique"}]},{"@type":"WebSite","@id":"https:\/\/spas-s.ch\/fr\/#website","url":"https:\/\/spas-s.ch\/fr\/","name":"SPAS-S Sport und Pr\u00e4vention Ausbildung Schweiz","description":"Weil Bewegung Leben ist","publisher":{"@id":"https:\/\/spas-s.ch\/fr\/#organization"},"potentialAction":[{"@type":"SearchAction","target":{"@type":"EntryPoint","urlTemplate":"https:\/\/spas-s.ch\/fr\/?s={search_term_string}"},"query-input":{"@type":"PropertyValueSpecification","valueRequired":true,"valueName":"search_term_string"}}],"inLanguage":"fr-FR"},{"@type":"Organization","@id":"https:\/\/spas-s.ch\/fr\/#organization","name":"SPAS-S Sport und Pr\u00e4vention Ausbildung Schweiz","alternateName":"SPAS-S","url":"https:\/\/spas-s.ch\/fr\/","logo":{"@type":"ImageObject","inLanguage":"fr-FR","@id":"https:\/\/spas-s.ch\/fr\/#\/schema\/logo\/image\/","url":"https:\/\/spas-s.ch\/wp-content\/uploads\/SPAS-s_Logo_DE.png","contentUrl":"https:\/\/spas-s.ch\/wp-content\/uploads\/SPAS-s_Logo_DE.png","width":144,"height":204,"caption":"SPAS-S Sport und Pr\u00e4vention Ausbildung Schweiz"},"image":{"@id":"https:\/\/spas-s.ch\/fr\/#\/schema\/logo\/image\/"}}]}},"_links":{"self":[{"href":"https:\/\/spas-s.ch\/fr\/wp-json\/wp\/v2\/tribe_events\/4155","targetHints":{"allow":["GET"]}}],"collection":[{"href":"https:\/\/spas-s.ch\/fr\/wp-json\/wp\/v2\/tribe_events"}],"about":[{"href":"https:\/\/spas-s.ch\/fr\/wp-json\/wp\/v2\/types\/tribe_events"}],"author":[{"embeddable":true,"href":"https:\/\/spas-s.ch\/fr\/wp-json\/wp\/v2\/users\/3"}],"version-history":[{"count":2,"href":"https:\/\/spas-s.ch\/fr\/wp-json\/wp\/v2\/tribe_events\/4155\/revisions"}],"predecessor-version":[{"id":4184,"href":"https:\/\/spas-s.ch\/fr\/wp-json\/wp\/v2\/tribe_events\/4155\/revisions\/4184"}],"wp:featuredmedia":[{"embeddable":true,"href":"https:\/\/spas-s.ch\/fr\/wp-json\/wp\/v2\/media\/2353"}],"wp:attachment":[{"href":"https:\/\/spas-s.ch\/fr\/wp-json\/wp\/v2\/media?parent=4155"}],"wp:term":[{"taxonomy":"post_tag","embeddable":true,"href":"https:\/\/spas-s.ch\/fr\/wp-json\/wp\/v2\/tags?post=4155"},{"taxonomy":"tribe_events_cat","embeddable":true,"href":"https:\/\/spas-s.ch\/fr\/wp-json\/wp\/v2\/tribe_events_cat?post=4155"}],"curies":[{"name":"wp","href":"https:\/\/api.w.org\/{rel}","templated":true}]}}