{"id":4162,"date":"2025-12-05T10:09:58","date_gmt":"2025-12-05T09:09:58","guid":{"rendered":"https:\/\/spas-s.ch\/?post_type=tribe_events&#038;p=4162"},"modified":"2025-12-05T10:09:58","modified_gmt":"2025-12-05T09:09:58","slug":"formation-instructeur%c2%b7trice-de-ski-de-fond-alfa-avec-la-reconnaissance-esa-partie-2-formation-specifique","status":"publish","type":"tribe_events","link":"https:\/\/spas-s.ch\/fr\/event\/formation-instructeur%c2%b7trice-de-ski-de-fond-alfa-avec-la-reconnaissance-esa-partie-2-formation-specifique\/","title":{"rendered":"FORMATION <br\/> Instructeur\u00b7trice de ski de fond ALFA avec la reconnaissance esa &#8211; partie 2 : formation sp\u00e9cifique"},"content":{"rendered":"<h2>La formation sp\u00e9cifique instructeur\u00b7trice de ski de fond ALFA<\/h2>\n<p>&nbsp;<\/p>\n<p>La formation sp\u00e9cifique de trois jours en ski de fond ALFA constitue la deuxi\u00e8me partie de la formation int\u00e9grant le label esa. Les contenus de la formation constituent une base solide pour votre d\u00e9veloppement en tant qu&rsquo;entra\u00eeneur\/moniteur et font de vous un interlocuteur comp\u00e9tent dans le domaine du ski de fond.<\/p>\n<p>&nbsp;<\/p>\n<h3>Contenu:<\/h3>\n<ul>\n<li>Technique ALFA de ski de fond<\/li>\n<li>Diff\u00e9rents types de pas classiques et skating<\/li>\n<li>M\u00e9thode 7 Steps Top 14<\/li>\n<li>Bases de la motricit\u00e9 sportive<\/li>\n<li>Analyse des mouvements \/ dialogue<\/li>\n<li>Concept de m\u00e9thodologie et d&rsquo;andragogie<\/li>\n<li>Concept d&rsquo;individualit\u00e9 et approche holistique<\/li>\n<li>Bo\u00eete \u00e0 id\u00e9es avec instructions, exercices et jeux<\/li>\n<\/ul>\n<p>&nbsp;<\/p>\n<h3>Cat\u00e9gorie:<\/h3>\n<p>Formation reconnue esa<\/p>\n<p>&nbsp;<\/p>\n<h3>Frais de cours:<\/h3>\n<p>CHF 810.- h\u00e9bergement et repas non compris<\/p>\n<p>&nbsp;<\/p>\n<h3>Lieu du cours:<\/h3>\n<p>Centre de ski de fond Gantrisch.<\/p>\n<p>En fonction des conditions d&rsquo;enneigement, le responsable du cours confirmera le lieu du cours annonc\u00e9 ou indiquera un lieu de remplacement au plus tard une semaine avant le d\u00e9but du cours.<\/p>\n<p>&nbsp;<\/p>\n<h3>Conditions pr\u00e9alables:<\/h3>\n<div class=\"uabb-faq-content uabb-faq-content617bf4ac8aa18 fl-clearfix\" aria-expanded=\"true\" aria-hidden=\"false\">\n<p><strong>Exp\u00e9rience en ski de fond<br \/>\n<\/strong>Cette formation requiert une exp\u00e9rience pratique du ski de fond (classique et skating).<\/p>\n<p><strong>Bonne condition physique<br \/>\n<\/strong>Pour pouvoir suivre la formation dans son int\u00e9gralit\u00e9, vous devez \u00eatre en bonne sant\u00e9 physique. Vous n&rsquo;\u00eates pas s\u00fbr.e? N&rsquo;h\u00e9sitez pas \u00e0 nous contacter pour que nous puissions r\u00e9pondre rapidement \u00e0 vos pr\u00e9occupations.<\/p>\n<\/div>\n<p>&nbsp;<\/p>\n<h3>Reconnaissance esa:<\/h3>\n<p>La reconnaissance esa peut \u00eatre obtenue gr\u00e2ce \u00e0 cette formation sp\u00e9cifique si une formation de base de trois jours a \u00e9t\u00e9 suivie au pr\u00e9alable ou si une formation de base\/sp\u00e9cialis\u00e9e dans un autre sport a d\u00e9j\u00e0 \u00e9t\u00e9 suivie.<\/p>\n<p>&nbsp;<\/p>\n<h3>H\u00e9bergement<\/h3>\n<p>La r\u00e9servation d&rsquo;h\u00f4tel est \u00e0 la charge des participants. Nous recommandons de s\u00e9journer dans un h\u00f4tel de la r\u00e9gion de Gurnigel\/Gantrisch.<\/p>\n<p>&nbsp;<\/p>\n<h3>Remarques<\/h3>\n<p>Cette formation est dispens\u00e9e en allemand. Pour les participants francophones et italophones, des connaissances minimales en allemand sont recommand\u00e9es. La plupart des supports p\u00e9dagogiques sont disponibles en allemand et en fran\u00e7ais.<\/p>\n<p><strong>Date limite d&rsquo;inscription :<\/strong> <strong>15 f\u00e9vrier 2026<\/strong> (apr\u00e8s cette date, si vous \u00eates int\u00e9ress\u00e9, merci de nous contacter)<\/p>\n<p>&nbsp;<\/p>\n\n<p>&nbsp;<\/p>\n","protected":false},"excerpt":{"rendered":"<p>Lors de cette formation vous apprendrez \u00e0 rendre vos le\u00e7ons ludiques, modernes et innovantes. Vous recevrez de nombreux exemples pratiques \u00e9 appliquer directement dans vos le\u00e7ons.<\/p>\n","protected":false},"author":3,"featured_media":3271,"template":"","meta":{"_tribe_events_status":"","_tribe_events_status_reason":"","footnotes":""},"tags":[],"tribe_events_cat":[],"class_list":["post-4162","tribe_events","type-tribe_events","status-publish","has-post-thumbnail","hentry"],"yoast_head":"<!-- This site is optimized with the Yoast SEO plugin v26.6 - https:\/\/yoast.com\/wordpress\/plugins\/seo\/ -->\n<title>FORMATION  Instructeur\u00b7trice de ski de fond ALFA avec la reconnaissance esa - partie 2 : formation sp\u00e9cifique | SPAS-S Sport und Pr\u00e4vention Ausbildung Schweiz<\/title>\n<meta name=\"description\" content=\"Les contenus de la formation constituent une base solide pour votre d\u00e9veloppement en tant qu&#039;entra\u00eeneur\/moniteur et font de vous un interlocuteur comp\u00e9tent dans le domaine du ski de fond.\" \/>\n<meta name=\"robots\" content=\"index, follow, max-snippet:-1, max-image-preview:large, max-video-preview:-1\" \/>\n<link rel=\"canonical\" href=\"https:\/\/spas-s.ch\/fr\/event\/formation-instructeur%c2%b7trice-de-ski-de-fond-alfa-avec-la-reconnaissance-esa-partie-2-formation-specifique\/\" \/>\n<meta property=\"og:locale\" content=\"fr_FR\" \/>\n<meta property=\"og:type\" content=\"article\" \/>\n<meta property=\"og:title\" content=\"FORMATION  Instructeur\u00b7trice de ski de fond ALFA avec la reconnaissance esa - partie 2 : formation sp\u00e9cifique | SPAS-S Sport und Pr\u00e4vention Ausbildung Schweiz\" \/>\n<meta property=\"og:description\" content=\"Les contenus de la formation constituent une base solide pour votre d\u00e9veloppement en tant qu&#039;entra\u00eeneur\/moniteur et font de vous un interlocuteur comp\u00e9tent dans le domaine du ski de fond.\" \/>\n<meta property=\"og:url\" content=\"https:\/\/spas-s.ch\/fr\/event\/formation-instructeur%c2%b7trice-de-ski-de-fond-alfa-avec-la-reconnaissance-esa-partie-2-formation-specifique\/\" \/>\n<meta property=\"og:site_name\" content=\"SPAS-S Sport und Pr\u00e4vention Ausbildung Schweiz\" \/>\n<meta property=\"og:image\" content=\"https:\/\/spas-s.ch\/wp-content\/uploads\/Langlauf-6.jpg\" \/>\n\t<meta property=\"og:image:width\" content=\"600\" \/>\n\t<meta property=\"og:image:height\" content=\"337\" \/>\n\t<meta property=\"og:image:type\" content=\"image\/jpeg\" \/>\n<meta name=\"twitter:card\" content=\"summary_large_image\" \/>\n<meta name=\"twitter:label1\" content=\"Dur\u00e9e de lecture estim\u00e9e\" \/>\n\t<meta name=\"twitter:data1\" content=\"3 minutes\" \/>\n<script type=\"application\/ld+json\" class=\"yoast-schema-graph\">{\"@context\":\"https:\/\/schema.org\",\"@graph\":[{\"@type\":\"WebPage\",\"@id\":\"https:\/\/spas-s.ch\/fr\/event\/formation-instructeur%c2%b7trice-de-ski-de-fond-alfa-avec-la-reconnaissance-esa-partie-2-formation-specifique\/\",\"url\":\"https:\/\/spas-s.ch\/fr\/event\/formation-instructeur%c2%b7trice-de-ski-de-fond-alfa-avec-la-reconnaissance-esa-partie-2-formation-specifique\/\",\"name\":\"FORMATION Instructeur\u00b7trice de ski de fond ALFA avec la reconnaissance esa - partie 2 : formation sp\u00e9cifique | SPAS-S Sport und Pr\u00e4vention Ausbildung Schweiz\",\"isPartOf\":{\"@id\":\"https:\/\/spas-s.ch\/fr\/#website\"},\"primaryImageOfPage\":{\"@id\":\"https:\/\/spas-s.ch\/fr\/event\/formation-instructeur%c2%b7trice-de-ski-de-fond-alfa-avec-la-reconnaissance-esa-partie-2-formation-specifique\/#primaryimage\"},\"image\":{\"@id\":\"https:\/\/spas-s.ch\/fr\/event\/formation-instructeur%c2%b7trice-de-ski-de-fond-alfa-avec-la-reconnaissance-esa-partie-2-formation-specifique\/#primaryimage\"},\"thumbnailUrl\":\"https:\/\/spas-s.ch\/wp-content\/uploads\/Langlauf-6.jpg\",\"datePublished\":\"2025-12-05T09:09:58+00:00\",\"description\":\"Les contenus de la formation constituent une base solide pour votre d\u00e9veloppement en tant qu'entra\u00eeneur\/moniteur et font de vous un interlocuteur comp\u00e9tent dans le domaine du ski de fond.\",\"breadcrumb\":{\"@id\":\"https:\/\/spas-s.ch\/fr\/event\/formation-instructeur%c2%b7trice-de-ski-de-fond-alfa-avec-la-reconnaissance-esa-partie-2-formation-specifique\/#breadcrumb\"},\"inLanguage\":\"fr-FR\",\"potentialAction\":[{\"@type\":\"ReadAction\",\"target\":[\"https:\/\/spas-s.ch\/fr\/event\/formation-instructeur%c2%b7trice-de-ski-de-fond-alfa-avec-la-reconnaissance-esa-partie-2-formation-specifique\/\"]}]},{\"@type\":\"ImageObject\",\"inLanguage\":\"fr-FR\",\"@id\":\"https:\/\/spas-s.ch\/fr\/event\/formation-instructeur%c2%b7trice-de-ski-de-fond-alfa-avec-la-reconnaissance-esa-partie-2-formation-specifique\/#primaryimage\",\"url\":\"https:\/\/spas-s.ch\/wp-content\/uploads\/Langlauf-6.jpg\",\"contentUrl\":\"https:\/\/spas-s.ch\/wp-content\/uploads\/Langlauf-6.jpg\",\"width\":600,\"height\":337},{\"@type\":\"BreadcrumbList\",\"@id\":\"https:\/\/spas-s.ch\/fr\/event\/formation-instructeur%c2%b7trice-de-ski-de-fond-alfa-avec-la-reconnaissance-esa-partie-2-formation-specifique\/#breadcrumb\",\"itemListElement\":[{\"@type\":\"ListItem\",\"position\":1,\"name\":\"Startseite\",\"item\":\"https:\/\/spas-s.ch\/fr\/\"},{\"@type\":\"ListItem\",\"position\":2,\"name\":\"\u00c9v\u00e8nements\",\"item\":\"https:\/\/spas-s.ch\/fr\/events\/\"},{\"@type\":\"ListItem\",\"position\":3,\"name\":\"FORMATION Instructeur\u00b7trice de ski de fond ALFA avec la reconnaissance esa &#8211; partie 2 : formation sp\u00e9cifique\"}]},{\"@type\":\"WebSite\",\"@id\":\"https:\/\/spas-s.ch\/fr\/#website\",\"url\":\"https:\/\/spas-s.ch\/fr\/\",\"name\":\"SPAS-S Sport und Pr\u00e4vention Ausbildung Schweiz\",\"description\":\"Weil Bewegung Leben ist\",\"publisher\":{\"@id\":\"https:\/\/spas-s.ch\/fr\/#organization\"},\"potentialAction\":[{\"@type\":\"SearchAction\",\"target\":{\"@type\":\"EntryPoint\",\"urlTemplate\":\"https:\/\/spas-s.ch\/fr\/?s={search_term_string}\"},\"query-input\":{\"@type\":\"PropertyValueSpecification\",\"valueRequired\":true,\"valueName\":\"search_term_string\"}}],\"inLanguage\":\"fr-FR\"},{\"@type\":\"Organization\",\"@id\":\"https:\/\/spas-s.ch\/fr\/#organization\",\"name\":\"SPAS-S Sport und Pr\u00e4vention Ausbildung Schweiz\",\"alternateName\":\"SPAS-S\",\"url\":\"https:\/\/spas-s.ch\/fr\/\",\"logo\":{\"@type\":\"ImageObject\",\"inLanguage\":\"fr-FR\",\"@id\":\"https:\/\/spas-s.ch\/fr\/#\/schema\/logo\/image\/\",\"url\":\"https:\/\/spas-s.ch\/wp-content\/uploads\/SPAS-s_Logo_DE.png\",\"contentUrl\":\"https:\/\/spas-s.ch\/wp-content\/uploads\/SPAS-s_Logo_DE.png\",\"width\":144,\"height\":204,\"caption\":\"SPAS-S Sport und Pr\u00e4vention Ausbildung Schweiz\"},\"image\":{\"@id\":\"https:\/\/spas-s.ch\/fr\/#\/schema\/logo\/image\/\"}}]}<\/script>\n<!-- \/ Yoast SEO plugin. -->","yoast_head_json":{"title":"FORMATION  Instructeur\u00b7trice de ski de fond ALFA avec la reconnaissance esa - partie 2 : formation sp\u00e9cifique | SPAS-S Sport und Pr\u00e4vention Ausbildung Schweiz","description":"Les contenus de la formation constituent une base solide pour votre d\u00e9veloppement en tant qu'entra\u00eeneur\/moniteur et font de vous un interlocuteur comp\u00e9tent dans le domaine du ski de fond.","robots":{"index":"index","follow":"follow","max-snippet":"max-snippet:-1","max-image-preview":"max-image-preview:large","max-video-preview":"max-video-preview:-1"},"canonical":"https:\/\/spas-s.ch\/fr\/event\/formation-instructeur%c2%b7trice-de-ski-de-fond-alfa-avec-la-reconnaissance-esa-partie-2-formation-specifique\/","og_locale":"fr_FR","og_type":"article","og_title":"FORMATION  Instructeur\u00b7trice de ski de fond ALFA avec la reconnaissance esa - partie 2 : formation sp\u00e9cifique | SPAS-S Sport und Pr\u00e4vention Ausbildung Schweiz","og_description":"Les contenus de la formation constituent une base solide pour votre d\u00e9veloppement en tant qu'entra\u00eeneur\/moniteur et font de vous un interlocuteur comp\u00e9tent dans le domaine du ski de fond.","og_url":"https:\/\/spas-s.ch\/fr\/event\/formation-instructeur%c2%b7trice-de-ski-de-fond-alfa-avec-la-reconnaissance-esa-partie-2-formation-specifique\/","og_site_name":"SPAS-S Sport und Pr\u00e4vention Ausbildung Schweiz","og_image":[{"width":600,"height":337,"url":"https:\/\/spas-s.ch\/wp-content\/uploads\/Langlauf-6.jpg","type":"image\/jpeg"}],"twitter_card":"summary_large_image","twitter_misc":{"Dur\u00e9e de lecture estim\u00e9e":"3 minutes"},"schema":{"@context":"https:\/\/schema.org","@graph":[{"@type":"WebPage","@id":"https:\/\/spas-s.ch\/fr\/event\/formation-instructeur%c2%b7trice-de-ski-de-fond-alfa-avec-la-reconnaissance-esa-partie-2-formation-specifique\/","url":"https:\/\/spas-s.ch\/fr\/event\/formation-instructeur%c2%b7trice-de-ski-de-fond-alfa-avec-la-reconnaissance-esa-partie-2-formation-specifique\/","name":"FORMATION Instructeur\u00b7trice de ski de fond ALFA avec la reconnaissance esa - partie 2 : formation sp\u00e9cifique | SPAS-S Sport und Pr\u00e4vention Ausbildung Schweiz","isPartOf":{"@id":"https:\/\/spas-s.ch\/fr\/#website"},"primaryImageOfPage":{"@id":"https:\/\/spas-s.ch\/fr\/event\/formation-instructeur%c2%b7trice-de-ski-de-fond-alfa-avec-la-reconnaissance-esa-partie-2-formation-specifique\/#primaryimage"},"image":{"@id":"https:\/\/spas-s.ch\/fr\/event\/formation-instructeur%c2%b7trice-de-ski-de-fond-alfa-avec-la-reconnaissance-esa-partie-2-formation-specifique\/#primaryimage"},"thumbnailUrl":"https:\/\/spas-s.ch\/wp-content\/uploads\/Langlauf-6.jpg","datePublished":"2025-12-05T09:09:58+00:00","description":"Les contenus de la formation constituent une base solide pour votre d\u00e9veloppement en tant qu'entra\u00eeneur\/moniteur et font de vous un interlocuteur comp\u00e9tent dans le domaine du ski de fond.","breadcrumb":{"@id":"https:\/\/spas-s.ch\/fr\/event\/formation-instructeur%c2%b7trice-de-ski-de-fond-alfa-avec-la-reconnaissance-esa-partie-2-formation-specifique\/#breadcrumb"},"inLanguage":"fr-FR","potentialAction":[{"@type":"ReadAction","target":["https:\/\/spas-s.ch\/fr\/event\/formation-instructeur%c2%b7trice-de-ski-de-fond-alfa-avec-la-reconnaissance-esa-partie-2-formation-specifique\/"]}]},{"@type":"ImageObject","inLanguage":"fr-FR","@id":"https:\/\/spas-s.ch\/fr\/event\/formation-instructeur%c2%b7trice-de-ski-de-fond-alfa-avec-la-reconnaissance-esa-partie-2-formation-specifique\/#primaryimage","url":"https:\/\/spas-s.ch\/wp-content\/uploads\/Langlauf-6.jpg","contentUrl":"https:\/\/spas-s.ch\/wp-content\/uploads\/Langlauf-6.jpg","width":600,"height":337},{"@type":"BreadcrumbList","@id":"https:\/\/spas-s.ch\/fr\/event\/formation-instructeur%c2%b7trice-de-ski-de-fond-alfa-avec-la-reconnaissance-esa-partie-2-formation-specifique\/#breadcrumb","itemListElement":[{"@type":"ListItem","position":1,"name":"Startseite","item":"https:\/\/spas-s.ch\/fr\/"},{"@type":"ListItem","position":2,"name":"\u00c9v\u00e8nements","item":"https:\/\/spas-s.ch\/fr\/events\/"},{"@type":"ListItem","position":3,"name":"FORMATION Instructeur\u00b7trice de ski de fond ALFA avec la reconnaissance esa &#8211; partie 2 : formation sp\u00e9cifique"}]},{"@type":"WebSite","@id":"https:\/\/spas-s.ch\/fr\/#website","url":"https:\/\/spas-s.ch\/fr\/","name":"SPAS-S Sport und Pr\u00e4vention Ausbildung Schweiz","description":"Weil Bewegung Leben ist","publisher":{"@id":"https:\/\/spas-s.ch\/fr\/#organization"},"potentialAction":[{"@type":"SearchAction","target":{"@type":"EntryPoint","urlTemplate":"https:\/\/spas-s.ch\/fr\/?s={search_term_string}"},"query-input":{"@type":"PropertyValueSpecification","valueRequired":true,"valueName":"search_term_string"}}],"inLanguage":"fr-FR"},{"@type":"Organization","@id":"https:\/\/spas-s.ch\/fr\/#organization","name":"SPAS-S Sport und Pr\u00e4vention Ausbildung Schweiz","alternateName":"SPAS-S","url":"https:\/\/spas-s.ch\/fr\/","logo":{"@type":"ImageObject","inLanguage":"fr-FR","@id":"https:\/\/spas-s.ch\/fr\/#\/schema\/logo\/image\/","url":"https:\/\/spas-s.ch\/wp-content\/uploads\/SPAS-s_Logo_DE.png","contentUrl":"https:\/\/spas-s.ch\/wp-content\/uploads\/SPAS-s_Logo_DE.png","width":144,"height":204,"caption":"SPAS-S Sport und Pr\u00e4vention Ausbildung Schweiz"},"image":{"@id":"https:\/\/spas-s.ch\/fr\/#\/schema\/logo\/image\/"}}]}},"_links":{"self":[{"href":"https:\/\/spas-s.ch\/fr\/wp-json\/wp\/v2\/tribe_events\/4162","targetHints":{"allow":["GET"]}}],"collection":[{"href":"https:\/\/spas-s.ch\/fr\/wp-json\/wp\/v2\/tribe_events"}],"about":[{"href":"https:\/\/spas-s.ch\/fr\/wp-json\/wp\/v2\/types\/tribe_events"}],"author":[{"embeddable":true,"href":"https:\/\/spas-s.ch\/fr\/wp-json\/wp\/v2\/users\/3"}],"version-history":[{"count":2,"href":"https:\/\/spas-s.ch\/fr\/wp-json\/wp\/v2\/tribe_events\/4162\/revisions"}],"predecessor-version":[{"id":4206,"href":"https:\/\/spas-s.ch\/fr\/wp-json\/wp\/v2\/tribe_events\/4162\/revisions\/4206"}],"wp:featuredmedia":[{"embeddable":true,"href":"https:\/\/spas-s.ch\/fr\/wp-json\/wp\/v2\/media\/3271"}],"wp:attachment":[{"href":"https:\/\/spas-s.ch\/fr\/wp-json\/wp\/v2\/media?parent=4162"}],"wp:term":[{"taxonomy":"post_tag","embeddable":true,"href":"https:\/\/spas-s.ch\/fr\/wp-json\/wp\/v2\/tags?post=4162"},{"taxonomy":"tribe_events_cat","embeddable":true,"href":"https:\/\/spas-s.ch\/fr\/wp-json\/wp\/v2\/tribe_events_cat?post=4162"}],"curies":[{"name":"wp","href":"https:\/\/api.w.org\/{rel}","templated":true}]}}